{"id":4217,"date":"2022-05-16T15:07:27","date_gmt":"2022-05-16T12:07:27","guid":{"rendered":"https:\/\/www.archfondas.lt\/apie\/"},"modified":"2025-12-08T14:09:30","modified_gmt":"2025-12-08T12:09:30","slug":"about","status":"publish","type":"page","link":"https:\/\/archfondas.lt\/en\/about\/","title":{"rendered":"About"},"content":{"rendered":"\n<h2 class=\"wp-block-heading framed\">Architekt\u016bros fondas<\/h2>\n\n\n\n<p>We are a non-governmental, non-profit organisation, bringing together a network of people, initiatives and ideas, expanding the public\u2019s understanding of architecture, and applying theoretical and practical architectural competences in a wide range of fields. The flexible, open and proactive structure of the organisation helps to adapt to changing needs and circumstances, while the dynamic arrangement of the community is supported by the principles of volunteering and sharing. While actively working in Lithuania, we continuously expand and strengthen our cooperation with foreign experts and institutions, and implement projects internationally.<\/p>\n\n\n\n<p>Currently, we organise open architecture weekend <a href=\"https:\/\/www.openhousevilnius.lt\/en\/\" target=\"_blank\" rel=\"noreferrer noopener\">Open House Vilnius<\/a>, the architecture criticism platform <em><a href=\"https:\/\/aiksteje.lt\/\" target=\"_blank\" rel=\"noreferrer noopener\">Aik\u0161t\u0117je<\/a><\/em>, the mentoring programme <a href=\"https:\/\/exp.archfondas.lt\/en\/\" target=\"_blank\" rel=\"noreferrer noopener\">Experiments&#8217; Platform<\/a>, and the annual <a href=\"https:\/\/archfondas.lt\/en\/zyma\/architekturos-fondas-forum\/\" target=\"_blank\" rel=\"noreferrer noopener\"><em>Architekt\u016bros fondas&#8217;<\/em> Forum<\/a>. In collaboration with other organisations, we also contribute to projects such as Dance Plus City, the symposium Politics of Space, and the Solar Laboratory. Furthermore, we participate in international networking activities and organise projects in the European architecture platform <a href=\"https:\/\/lina.community\/\">LINA<\/a>. Lastly, we are the initiators and coordinators of the international cooperation project <a href=\"http:\/\/openhouseeurope.org\">Open House Europe<\/a>, co-funded by the European Union.<\/p>\n\n\n\n<h2 class=\"wp-block-heading framed\">Our vision<\/h2>\n\n\n\n<p>Our vision is a curious, critically thinking society that discusses architecture in a constructive way, and is able to appreciate, cherish and create architecture together. In such a society, responsibly produced architecture responds to the relevant needs of spatial change, and we, as an agent that initiates a dialogue between society and architecture, articulate meaningful processes, develop an infrastructure open to learning and collaboration, and contribute to the change of the discipline as well as to the development of society.<\/p>\n\n\n\n<h2 class=\"wp-block-heading framed\">Our missions<\/h2>\n\n\n\n<div class=\"wp-block-columns framed-cols is-layout-flex wp-container-core-columns-is-layout-1 wp-block-columns-is-layout-flex\">\n<div class=\"wp-block-column is-layout-flow wp-block-column-is-layout-flow\">\n<h3 class=\"wp-block-heading\">TO MOBILISE AND DEVELOP A NETWORK OF PEOPLE AND IDEAS<\/h3>\n\n\n\n<p>We bring together professionals who create and research architecture, those who are interested in the subject, and proactive participants in other fields. We encourage their collaboration and interdisciplinary partnerships, thus expanding the concept of architecture and its contemporary practices.<\/p>\n<\/div>\n\n\n\n<div class=\"wp-block-column is-layout-flow wp-block-column-is-layout-flow\">\n<h3 class=\"wp-block-heading\">TO SHAPE AND FOSTER THE CULTURE OF ARCHITECTURE AND ITS ACCESSIBILITY<\/h3>\n\n\n\n<p>We develop the culture of architecture and contribute to greater public engagement in its creation and reflection. We promote the architectural community\u2019s openness, civicness and active participation in public life. By involving different groups of society, we aim to present, explain and contextualise architectural processes, and to ensure the accessibility of architectural activities. We create opportunities for productive collaboration as well as tools for constructive discussions, proposals and evaluations.<\/p>\n<\/div>\n<\/div>\n\n\n\n<div class=\"wp-block-columns framed-cols is-layout-flex wp-container-core-columns-is-layout-2 wp-block-columns-is-layout-flex\">\n<div class=\"wp-block-column is-layout-flow wp-block-column-is-layout-flow\">\n<h3 class=\"wp-block-heading\">TO DEVELOP ARCHITECTURE EDUCATION AND COMMUNICATION<\/h3>\n\n\n\n<p>Through educative programmes, educational activities and diverse dissemination channels, we aim to shape the public\u2019s multifarious approach to architecture and to raise awareness of the factors that shape it. We develop self-education opportunities for architects and practitioners to complement their academic and practical knowledge. We contribute to the development of competences in reading and evaluating architecture, and foster complex architectural values intrinsically related to cultural, ecological, economic and social aspects. We create a space for relevant, creative, objective and critical information about architectural processes, simultaneously taking care of its dissemination in Lithuania and abroad.<\/p>\n<\/div>\n\n\n\n<div class=\"wp-block-column is-layout-flow wp-block-column-is-layout-flow\">\n<h3 class=\"wp-block-heading\">TO CREATE OPPORTUNITIES FOR INNOVATIVE AND EXPERIMENTAL ARCHITECTURAL RESEARCH AND PRACTICE<\/h3>\n\n\n\n<p>We propose to look at architecture not only as an object of research, but also to apply its methodologies and tools to the study of relevant both present and future phenomena. We encourage experimental exploration, innovation, the development and application of new methods, products and materials, or the improvement of existing ones. Through interdisciplinary collaboration, we offer to contribute to the creation of alternative architectural knowledge and the development of additional competences. By nurturing, continuing and referring to the best analytical and critical architectural research and practices, we update and expand the artistic and analytical experience of architectural practice in Lithuania, complementing it with international insights.<\/p>\n<\/div>\n<\/div>\n\n\n\n<h2 class=\"wp-block-heading framed\">Values that unite us<\/h2>\n\n\n<div class=\"value-cards-container grid-commons\"><div><img decoding=\"async\" src=\"https:\/\/archfondas.lt\/wp-content\/themes\/archfondas\/images\/values\/v1-en.svg\" class=\"front hide-in-mobile\"><img decoding=\"async\" src=\"https:\/\/archfondas.lt\/wp-content\/themes\/archfondas\/images\/values\/v1-en-hover.svg\" class=\"back hide-in-mobile\"><img decoding=\"async\" src=\"https:\/\/archfondas.lt\/wp-content\/themes\/archfondas\/images\/values\/m-v1-en.svg\" class=\"front-mobile hide-in-desktop-and-tablet\"><img decoding=\"async\" src=\"https:\/\/archfondas.lt\/wp-content\/themes\/archfondas\/images\/values\/m-v1-en-back.svg\" class=\"back-mobile hide-in-desktop-and-tablet\"><\/div><div><img decoding=\"async\" src=\"https:\/\/archfondas.lt\/wp-content\/themes\/archfondas\/images\/values\/v2-en.svg\" class=\"front hide-in-mobile\"><img decoding=\"async\" src=\"https:\/\/archfondas.lt\/wp-content\/themes\/archfondas\/images\/values\/v2-en-hover.svg\" class=\"back hide-in-mobile\"><img decoding=\"async\" src=\"https:\/\/archfondas.lt\/wp-content\/themes\/archfondas\/images\/values\/m-v2-en.svg\" class=\"front-mobile hide-in-desktop-and-tablet\"><img decoding=\"async\" src=\"https:\/\/archfondas.lt\/wp-content\/themes\/archfondas\/images\/values\/m-v2-en-back.svg\" class=\"back-mobile hide-in-desktop-and-tablet\"><\/div><div><img decoding=\"async\" src=\"https:\/\/archfondas.lt\/wp-content\/themes\/archfondas\/images\/values\/v3-en.svg\" class=\"front hide-in-mobile\"><img decoding=\"async\" src=\"https:\/\/archfondas.lt\/wp-content\/themes\/archfondas\/images\/values\/v3-en-hover.svg\" class=\"back hide-in-mobile\"><img decoding=\"async\" src=\"https:\/\/archfondas.lt\/wp-content\/themes\/archfondas\/images\/values\/m-v3-en.svg\" class=\"front-mobile hide-in-desktop-and-tablet\"><img decoding=\"async\" src=\"https:\/\/archfondas.lt\/wp-content\/themes\/archfondas\/images\/values\/m-v3-en-back.svg\" class=\"back-mobile hide-in-desktop-and-tablet\"><\/div><div><img decoding=\"async\" src=\"https:\/\/archfondas.lt\/wp-content\/themes\/archfondas\/images\/values\/v4-en.svg\" class=\"front hide-in-mobile\"><img decoding=\"async\" src=\"https:\/\/archfondas.lt\/wp-content\/themes\/archfondas\/images\/values\/v4-en-hover.svg\" class=\"back hide-in-mobile\"><img decoding=\"async\" src=\"https:\/\/archfondas.lt\/wp-content\/themes\/archfondas\/images\/values\/m-v4-en.svg\" class=\"front-mobile hide-in-desktop-and-tablet\"><img decoding=\"async\" src=\"https:\/\/archfondas.lt\/wp-content\/themes\/archfondas\/images\/values\/m-v4-en-back.svg\" class=\"back-mobile hide-in-desktop-and-tablet\"><\/div><div><img decoding=\"async\" src=\"https:\/\/archfondas.lt\/wp-content\/themes\/archfondas\/images\/values\/v5-en.svg\" class=\"front hide-in-mobile\"><img decoding=\"async\" src=\"https:\/\/archfondas.lt\/wp-content\/themes\/archfondas\/images\/values\/v5-en-hover.svg\" class=\"back hide-in-mobile\"><img decoding=\"async\" src=\"https:\/\/archfondas.lt\/wp-content\/themes\/archfondas\/images\/values\/m-v5-en.svg\" class=\"front-mobile hide-in-desktop-and-tablet\"><img decoding=\"async\" src=\"https:\/\/archfondas.lt\/wp-content\/themes\/archfondas\/images\/values\/m-v5-en-back.svg\" class=\"back-mobile hide-in-desktop-and-tablet\"><\/div><div><img decoding=\"async\" src=\"https:\/\/archfondas.lt\/wp-content\/themes\/archfondas\/images\/values\/v6-en.svg\" class=\"front hide-in-mobile\"><img decoding=\"async\" src=\"https:\/\/archfondas.lt\/wp-content\/themes\/archfondas\/images\/values\/v6-en-hover.svg\" class=\"back hide-in-mobile\"><img decoding=\"async\" src=\"https:\/\/archfondas.lt\/wp-content\/themes\/archfondas\/images\/values\/m-v6-en.svg\" class=\"front-mobile hide-in-desktop-and-tablet\"><img decoding=\"async\" src=\"https:\/\/archfondas.lt\/wp-content\/themes\/archfondas\/images\/values\/m-v6-en-back.svg\" class=\"back-mobile hide-in-desktop-and-tablet\"><\/div><div><img decoding=\"async\" src=\"https:\/\/archfondas.lt\/wp-content\/themes\/archfondas\/images\/values\/v7-en.svg\" class=\"front hide-in-mobile\"><img decoding=\"async\" src=\"https:\/\/archfondas.lt\/wp-content\/themes\/archfondas\/images\/values\/v7-en-hover.svg\" class=\"back hide-in-mobile\"><img decoding=\"async\" src=\"https:\/\/archfondas.lt\/wp-content\/themes\/archfondas\/images\/values\/m-v7-en.svg\" class=\"front-mobile hide-in-desktop-and-tablet\"><img decoding=\"async\" src=\"https:\/\/archfondas.lt\/wp-content\/themes\/archfondas\/images\/values\/m-v7-en-back.svg\" class=\"back-mobile hide-in-desktop-and-tablet\"><\/div><div><img decoding=\"async\" src=\"https:\/\/archfondas.lt\/wp-content\/themes\/archfondas\/images\/values\/v8-en.svg\" class=\"front hide-in-mobile\"><img decoding=\"async\" src=\"https:\/\/archfondas.lt\/wp-content\/themes\/archfondas\/images\/values\/v8-en-hover.svg\" class=\"back hide-in-mobile\"><img decoding=\"async\" src=\"https:\/\/archfondas.lt\/wp-content\/themes\/archfondas\/images\/values\/m-v8-en.svg\" class=\"front-mobile hide-in-desktop-and-tablet\"><img decoding=\"async\" src=\"https:\/\/archfondas.lt\/wp-content\/themes\/archfondas\/images\/values\/m-v8-en-back.svg\" class=\"back-mobile hide-in-desktop-and-tablet\"><\/div><\/div>\n\n\n\n<h2 class=\"wp-block-heading framed\">History<\/h2>\n\n\n\n<p><em>Architekt\u016bros fondas<\/em> was established in 2004 on the basis of the organising committee of the exhibition Looking at Yourself, which took place at the end of 2003. The organisation was founded by architects Audrius Ambrasas, Audrys Karalius, Gintaras Klimavi\u010dius, Gintaras \u010caikauskas, Sigitas Kuncevi\u010dius, Darius Osteika, Rolandas Palekas, Saulius Pamerneckis, Marius \u0160aliamoras, Paulius Trimonis and Linas Tuleikis.<\/p>\n\n\n\n<p>Since its establishment, <em>Architekt\u016bros fondas<\/em> has been led by Darius Osteika, Julija Reklait\u0117, Sandra \u0160lepikait\u0117 and Martynas Germanavi\u010dius, and is currently headed by Simona Didvalyt\u0117.<\/p>\n\n\n\n<p><em>Architekt\u016bros fondas<\/em> was the first organisation to represent Lithuania at the Venice Architecture Biennale, where, together with Latvians and Estonians, it presented the Baltic Pavilion in 2016, and produced the Swamp Pavilion in 2018.<\/p>\n\n\n\n<p>In 2018, <em>Architekt\u016bros fondas<\/em> received the St. Christopher Award for promoting the architecture of Vilnius.<\/p>\n\n\n\n<p>Within <em>Architekt\u016bros fondas<\/em>, volunteer-initiated projects <em>Pastatai kalba<\/em> and the Travelling Architecture Workshops were developed. Since 2025 they are implemented by the public institution <em>Architekt\u016bra ir \u017emon\u0117s<\/em>.<\/p>\n","protected":false},"excerpt":{"rendered":"<p>Architekt\u016bros fondas We are a non-governmental, non-profit organisation, bringing together a network of people, initiatives and ideas, expanding the public\u2019s understanding of architecture, and applying theoretical and practical architectural competences in a wide range of fields. The flexible, open and proactive structure of the organisation helps to adapt to changing needs and circumstances, while the [&hellip;]<\/p>\n","protected":false},"author":1,"featured_media":24971,"parent":0,"menu_order":0,"comment_status":"closed","ping_status":"closed","template":"about.php","meta":{"_acf_changed":false,"footnotes":""},"class_list":["post-4217","page","type-page","status-publish","has-post-thumbnail","hentry"],"acf":[],"yoast_head":"<!-- This site is optimized with the Yoast SEO plugin v24.1 - https:\/\/yoast.com\/wordpress\/plugins\/seo\/ -->\n<title>About &#8211; Architekt\u016bros fondas<\/title>\n<meta name=\"description\" content=\"We bring together a network of people, initiatives, and ideas and expand the public\u2019s understanding of architecture.\" \/>\n<meta name=\"robots\" content=\"index, follow, max-snippet:-1, max-image-preview:large, max-video-preview:-1\" \/>\n<link rel=\"canonical\" href=\"https:\/\/archfondas.lt\/en\/about\/\" \/>\n<meta property=\"og:locale\" content=\"en_US\" \/>\n<meta property=\"og:type\" content=\"article\" \/>\n<meta property=\"og:title\" content=\"About &#8211; Architekt\u016bros fondas\" \/>\n<meta property=\"og:description\" content=\"We bring together a network of people, initiatives, and ideas and expand the public\u2019s understanding of architecture.\" \/>\n<meta property=\"og:url\" content=\"https:\/\/archfondas.lt\/en\/about\/\" \/>\n<meta property=\"og:site_name\" content=\"Architekt\u016bros fondas\" \/>\n<meta property=\"article:publisher\" content=\"https:\/\/www.facebook.com\/archfondas\" \/>\n<meta property=\"article:modified_time\" content=\"2025-12-08T12:09:30+00:00\" \/>\n<meta property=\"og:image\" content=\"https:\/\/archfondas.lt\/wp-content\/uploads\/2023\/01\/93113315_3048574115193027_2506237777994055680_n-e1673890984265.jpg\" \/>\n\t<meta property=\"og:image:width\" content=\"2048\" \/>\n\t<meta property=\"og:image:height\" content=\"1572\" \/>\n\t<meta property=\"og:image:type\" content=\"image\/jpeg\" \/>\n<meta name=\"twitter:card\" content=\"summary_large_image\" \/>\n<meta name=\"twitter:site\" content=\"@archfondas\" \/>\n<meta name=\"twitter:label1\" content=\"Est. reading time\" \/>\n\t<meta name=\"twitter:data1\" content=\"5 minutes\" \/>\n<script type=\"application\/ld+json\" class=\"yoast-schema-graph\">{\"@context\":\"https:\/\/schema.org\",\"@graph\":[{\"@type\":\"WebPage\",\"@id\":\"https:\/\/archfondas.lt\/en\/about\/\",\"url\":\"https:\/\/archfondas.lt\/en\/about\/\",\"name\":\"About &#8211; Architekt\u016bros fondas\",\"isPartOf\":{\"@id\":\"https:\/\/archfondas.lt\/#website\"},\"primaryImageOfPage\":{\"@id\":\"https:\/\/archfondas.lt\/en\/about\/#primaryimage\"},\"image\":{\"@id\":\"https:\/\/archfondas.lt\/en\/about\/#primaryimage\"},\"thumbnailUrl\":\"https:\/\/archfondas.lt\/wp-content\/uploads\/2023\/01\/93113315_3048574115193027_2506237777994055680_n-e1673890984265.jpg\",\"datePublished\":\"2022-05-16T12:07:27+00:00\",\"dateModified\":\"2025-12-08T12:09:30+00:00\",\"description\":\"We bring together a network of people, initiatives, and ideas and expand the public\u2019s understanding of architecture.\",\"breadcrumb\":{\"@id\":\"https:\/\/archfondas.lt\/en\/about\/#breadcrumb\"},\"inLanguage\":\"en-US\",\"potentialAction\":[{\"@type\":\"ReadAction\",\"target\":[\"https:\/\/archfondas.lt\/en\/about\/\"]}]},{\"@type\":\"ImageObject\",\"inLanguage\":\"en-US\",\"@id\":\"https:\/\/archfondas.lt\/en\/about\/#primaryimage\",\"url\":\"https:\/\/archfondas.lt\/wp-content\/uploads\/2023\/01\/93113315_3048574115193027_2506237777994055680_n-e1673890984265.jpg\",\"contentUrl\":\"https:\/\/archfondas.lt\/wp-content\/uploads\/2023\/01\/93113315_3048574115193027_2506237777994055680_n-e1673890984265.jpg\",\"width\":2048,\"height\":1572,\"caption\":\"Jurgos \u017dukaityt\u0117s nuotr.\"},{\"@type\":\"BreadcrumbList\",\"@id\":\"https:\/\/archfondas.lt\/en\/about\/#breadcrumb\",\"itemListElement\":[{\"@type\":\"ListItem\",\"position\":1,\"name\":\"Home\",\"item\":\"https:\/\/archfondas.lt\/en\/\"},{\"@type\":\"ListItem\",\"position\":2,\"name\":\"About\"}]},{\"@type\":\"WebSite\",\"@id\":\"https:\/\/archfondas.lt\/#website\",\"url\":\"https:\/\/archfondas.lt\/\",\"name\":\"Architekt\u016bros fondas\",\"description\":\"Mes esame nevyriausybin\u0117, pelno nesiekianti organizacija kurianti bei puosel\u0117janti architekt\u016bros kult\u016br\u0105.\",\"publisher\":{\"@id\":\"https:\/\/archfondas.lt\/#organization\"},\"potentialAction\":[{\"@type\":\"SearchAction\",\"target\":{\"@type\":\"EntryPoint\",\"urlTemplate\":\"https:\/\/archfondas.lt\/?s={search_term_string}\"},\"query-input\":{\"@type\":\"PropertyValueSpecification\",\"valueRequired\":true,\"valueName\":\"search_term_string\"}}],\"inLanguage\":\"en-US\"},{\"@type\":\"Organization\",\"@id\":\"https:\/\/archfondas.lt\/#organization\",\"name\":\"Architekt\u016bros fondas\",\"url\":\"https:\/\/archfondas.lt\/\",\"logo\":{\"@type\":\"ImageObject\",\"inLanguage\":\"en-US\",\"@id\":\"https:\/\/archfondas.lt\/#\/schema\/logo\/image\/\",\"url\":\"https:\/\/archfondas.lt\/wp-content\/uploads\/2023\/04\/archfondas-logo.svg\",\"contentUrl\":\"https:\/\/archfondas.lt\/wp-content\/uploads\/2023\/04\/archfondas-logo.svg\",\"width\":483,\"height\":124,\"caption\":\"Architekt\u016bros fondas\"},\"image\":{\"@id\":\"https:\/\/archfondas.lt\/#\/schema\/logo\/image\/\"},\"sameAs\":[\"https:\/\/www.facebook.com\/archfondas\",\"https:\/\/x.com\/archfondas\"]}]}<\/script>\n<!-- \/ Yoast SEO plugin. -->","yoast_head_json":{"title":"About &#8211; Architekt\u016bros fondas","description":"We bring together a network of people, initiatives, and ideas and expand the public\u2019s understanding of architecture.","robots":{"index":"index","follow":"follow","max-snippet":"max-snippet:-1","max-image-preview":"max-image-preview:large","max-video-preview":"max-video-preview:-1"},"canonical":"https:\/\/archfondas.lt\/en\/about\/","og_locale":"en_US","og_type":"article","og_title":"About &#8211; Architekt\u016bros fondas","og_description":"We bring together a network of people, initiatives, and ideas and expand the public\u2019s understanding of architecture.","og_url":"https:\/\/archfondas.lt\/en\/about\/","og_site_name":"Architekt\u016bros fondas","article_publisher":"https:\/\/www.facebook.com\/archfondas","article_modified_time":"2025-12-08T12:09:30+00:00","og_image":[{"width":2048,"height":1572,"url":"https:\/\/archfondas.lt\/wp-content\/uploads\/2023\/01\/93113315_3048574115193027_2506237777994055680_n-e1673890984265.jpg","type":"image\/jpeg"}],"twitter_card":"summary_large_image","twitter_site":"@archfondas","twitter_misc":{"Est. reading time":"5 minutes"},"schema":{"@context":"https:\/\/schema.org","@graph":[{"@type":"WebPage","@id":"https:\/\/archfondas.lt\/en\/about\/","url":"https:\/\/archfondas.lt\/en\/about\/","name":"About &#8211; Architekt\u016bros fondas","isPartOf":{"@id":"https:\/\/archfondas.lt\/#website"},"primaryImageOfPage":{"@id":"https:\/\/archfondas.lt\/en\/about\/#primaryimage"},"image":{"@id":"https:\/\/archfondas.lt\/en\/about\/#primaryimage"},"thumbnailUrl":"https:\/\/archfondas.lt\/wp-content\/uploads\/2023\/01\/93113315_3048574115193027_2506237777994055680_n-e1673890984265.jpg","datePublished":"2022-05-16T12:07:27+00:00","dateModified":"2025-12-08T12:09:30+00:00","description":"We bring together a network of people, initiatives, and ideas and expand the public\u2019s understanding of architecture.","breadcrumb":{"@id":"https:\/\/archfondas.lt\/en\/about\/#breadcrumb"},"inLanguage":"en-US","potentialAction":[{"@type":"ReadAction","target":["https:\/\/archfondas.lt\/en\/about\/"]}]},{"@type":"ImageObject","inLanguage":"en-US","@id":"https:\/\/archfondas.lt\/en\/about\/#primaryimage","url":"https:\/\/archfondas.lt\/wp-content\/uploads\/2023\/01\/93113315_3048574115193027_2506237777994055680_n-e1673890984265.jpg","contentUrl":"https:\/\/archfondas.lt\/wp-content\/uploads\/2023\/01\/93113315_3048574115193027_2506237777994055680_n-e1673890984265.jpg","width":2048,"height":1572,"caption":"Jurgos \u017dukaityt\u0117s nuotr."},{"@type":"BreadcrumbList","@id":"https:\/\/archfondas.lt\/en\/about\/#breadcrumb","itemListElement":[{"@type":"ListItem","position":1,"name":"Home","item":"https:\/\/archfondas.lt\/en\/"},{"@type":"ListItem","position":2,"name":"About"}]},{"@type":"WebSite","@id":"https:\/\/archfondas.lt\/#website","url":"https:\/\/archfondas.lt\/","name":"Architekt\u016bros fondas","description":"Mes esame nevyriausybin\u0117, pelno nesiekianti organizacija kurianti bei puosel\u0117janti architekt\u016bros kult\u016br\u0105.","publisher":{"@id":"https:\/\/archfondas.lt\/#organization"},"potentialAction":[{"@type":"SearchAction","target":{"@type":"EntryPoint","urlTemplate":"https:\/\/archfondas.lt\/?s={search_term_string}"},"query-input":{"@type":"PropertyValueSpecification","valueRequired":true,"valueName":"search_term_string"}}],"inLanguage":"en-US"},{"@type":"Organization","@id":"https:\/\/archfondas.lt\/#organization","name":"Architekt\u016bros fondas","url":"https:\/\/archfondas.lt\/","logo":{"@type":"ImageObject","inLanguage":"en-US","@id":"https:\/\/archfondas.lt\/#\/schema\/logo\/image\/","url":"https:\/\/archfondas.lt\/wp-content\/uploads\/2023\/04\/archfondas-logo.svg","contentUrl":"https:\/\/archfondas.lt\/wp-content\/uploads\/2023\/04\/archfondas-logo.svg","width":483,"height":124,"caption":"Architekt\u016bros fondas"},"image":{"@id":"https:\/\/archfondas.lt\/#\/schema\/logo\/image\/"},"sameAs":["https:\/\/www.facebook.com\/archfondas","https:\/\/x.com\/archfondas"]}]}},"_links":{"self":[{"href":"https:\/\/archfondas.lt\/en\/wp-json\/wp\/v2\/pages\/4217","targetHints":{"allow":["GET"]}}],"collection":[{"href":"https:\/\/archfondas.lt\/en\/wp-json\/wp\/v2\/pages"}],"about":[{"href":"https:\/\/archfondas.lt\/en\/wp-json\/wp\/v2\/types\/page"}],"author":[{"embeddable":true,"href":"https:\/\/archfondas.lt\/en\/wp-json\/wp\/v2\/users\/1"}],"replies":[{"embeddable":true,"href":"https:\/\/archfondas.lt\/en\/wp-json\/wp\/v2\/comments?post=4217"}],"version-history":[{"count":23,"href":"https:\/\/archfondas.lt\/en\/wp-json\/wp\/v2\/pages\/4217\/revisions"}],"predecessor-version":[{"id":29931,"href":"https:\/\/archfondas.lt\/en\/wp-json\/wp\/v2\/pages\/4217\/revisions\/29931"}],"wp:featuredmedia":[{"embeddable":true,"href":"https:\/\/archfondas.lt\/en\/wp-json\/wp\/v2\/media\/24971"}],"wp:attachment":[{"href":"https:\/\/archfondas.lt\/en\/wp-json\/wp\/v2\/media?parent=4217"}],"curies":[{"name":"wp","href":"https:\/\/api.w.org\/{rel}","templated":true}]}}