{"id":4232,"date":"2022-05-16T15:08:39","date_gmt":"2022-05-16T12:08:39","guid":{"rendered":"https:\/\/www.archfondas.lt\/kontaktai\/"},"modified":"2026-02-09T10:49:21","modified_gmt":"2026-02-09T08:49:21","slug":"contacts","status":"publish","type":"page","link":"https:\/\/archfondas.lt\/en\/contacts\/","title":{"rendered":"Contacts"},"content":{"rendered":"\n<h2 class=\"wp-block-heading\">Details<\/h2>\n\n\n\n<div class=\"wp-block-columns no-margin is-layout-flex wp-container-core-columns-is-layout-1 wp-block-columns-is-layout-flex\">\n<div class=\"wp-block-column is-layout-flow wp-block-column-is-layout-flow\" style=\"flex-basis:33.33%\">\n<p>Public institution <em>Architekt\u016bros fondas<\/em><br>Vitebsko str. 23, LT-11350 Vilnius<\/p>\n\n\n\n<p>Company code 126391219<br>Bank account: LT05 7300 0101 5675 7592 AB Swedbank<\/p>\n\n\n\n<p><a href=\"mailto:hello@archfondas.lt\">hello@archfondas.lt<\/a><\/p>\n\n\n\n<p><a rel=\"noreferrer noopener\" href=\"https:\/\/www.instagram.com\/archfondas\/\" target=\"_blank\">Instagram<\/a>  &nbsp;<a rel=\"noreferrer noopener\" href=\"https:\/\/www.facebook.com\/archfondas\/\" target=\"_blank\">Facebook<\/a>&nbsp;  <a rel=\"noreferrer noopener\" href=\"https:\/\/twitter.com\/archfondas\" target=\"_blank\">Twitter<\/a>&nbsp;  <a rel=\"noreferrer noopener\" href=\"https:\/\/www.linkedin.com\/company\/archfondas\" target=\"_blank\">Linkedin<\/a><\/p>\n\n\n\n<p>Beneficiary status granted in 2004 06 30<\/p>\n<\/div>\n\n\n\n<div class=\"wp-block-column map-col is-layout-flow wp-block-column-is-layout-flow\" style=\"flex-basis:66.66%\"><div id=\"contacts-map\"><\/div>\n<script src=\"https:\/\/maps.googleapis.com\/maps\/api\/js?key=AIzaSyB_iaU_LlXac7YJAVxdOoS5VdNJWXz2eOE&callback=initMap\" defer><\/script>\n\n<script>\n\n    window.initMap = initMap;\n\n    function initMap() {\n\n        var mapOptions = {\n                center: new google.maps.LatLng( 54.67424623172174, 25.30383615634007 ),\n                zoom: 17,\n                mapTypeId: google.maps.MapTypeId.ROADMAP,\n                scrollwheel: false,\n                backgroundColor: 'none',\n                disableDefaultUI: true,\n                zoomControl: true\n        }\n\n        const map = new google.maps.Map(document.getElementById(\"contacts-map\"), mapOptions);\n        map.set('styles', mapStyle);\n\n        var position = { lat: 54.67424623172174, lng: 25.30383615634007};\n        var marker = new google.maps.Marker({\n                position: position,\n                map: map,\n                icon: {url: '\/wp-content\/themes\/archfondas\/images\/icons\/blank.svg', scaledSize: new google.maps.Size(121, 22)}\n        });\n\n        const contentString =\n        '<div id=\"contacts-infowindow\">' +\n        '<img decoding=\"async\" src=\"https:\/\/archfondas.lt\/wp-content\/themes\/archfondas\/images\/archfondas-logo-white.svg\">' +\n        '<div id=\"bodyContent\">' +\n        '<p><a href=\"https:\/\/www.google.com\/maps\/dir\/?api=1&destination=54.67424623172174,25.30383615634007&travelmode=walking\" target=\"_blank\">Vitebsko g. 23<\/a><\/p>' +\n        \"<\/div>\" +\n        \"<\/div>\";\n\n        const infowindow = new google.maps.InfoWindow({\n            content: contentString,\n            pixelOffset: {width: 0, height: 45}\n        });\n\n        infowindow.open({\n            anchor: marker,\n            map,\n            shouldFocus: false,\n        });\n\n    }\n\n    var mapStyle = [\n    {\n        \"featureType\": \"water\",\n        \"elementType\": \"geometry\",\n        \"stylers\": [\n            {\n                \"color\": \"#e9e9e9\"\n            },\n            {\n                \"lightness\": 17\n            }\n        ]\n    },\n    {\n        \"featureType\": \"landscape\",\n        \"elementType\": \"geometry\",\n        \"stylers\": [\n            {\n                \"color\": \"#f5f5f5\"\n            },\n            {\n                \"lightness\": 20\n            }\n        ]\n    },\n    {\n        \"featureType\": \"road.highway\",\n        \"elementType\": \"geometry.fill\",\n        \"stylers\": [\n            {\n                \"color\": \"#ffffff\"\n            },\n            {\n                \"lightness\": 17\n            }\n        ]\n    },\n    {\n        \"featureType\": \"road.highway\",\n        \"elementType\": \"geometry.stroke\",\n        \"stylers\": [\n            {\n                \"color\": \"#ffffff\"\n            },\n            {\n                \"lightness\": 29\n            },\n            {\n                \"weight\": 0.2\n            }\n        ]\n    },\n    {\n        \"featureType\": \"road.arterial\",\n        \"elementType\": \"geometry\",\n        \"stylers\": [\n            {\n                \"color\": \"#ffffff\"\n            },\n            {\n                \"lightness\": 18\n            }\n        ]\n    },\n    {\n        \"featureType\": \"road.local\",\n        \"elementType\": \"geometry\",\n        \"stylers\": [\n            {\n                \"color\": \"#ffffff\"\n            },\n            {\n                \"lightness\": 16\n            }\n        ]\n    },\n    {\n        \"featureType\": \"poi\",\n        \"elementType\": \"geometry\",\n        \"stylers\": [\n            {\n                \"color\": \"#f5f5f5\"\n            },\n            {\n                \"lightness\": 21\n            }\n        ]\n    },\n    {\n        \"featureType\": \"poi.park\",\n        \"elementType\": \"geometry\",\n        \"stylers\": [\n            {\n                \"color\": \"#dedede\"\n            },\n            {\n                \"lightness\": 21\n            }\n        ]\n    },\n    {\n        \"elementType\": \"labels.text.stroke\",\n        \"stylers\": [\n            {\n                \"visibility\": \"on\"\n            },\n            {\n                \"color\": \"#ffffff\"\n            },\n            {\n                \"lightness\": 16\n            }\n        ]\n    },\n    {\n        \"elementType\": \"labels.text.fill\",\n        \"stylers\": [\n            {\n                \"saturation\": 36\n            },\n            {\n                \"color\": \"#333333\"\n            },\n            {\n                \"lightness\": 40\n            }\n        ]\n    },\n    {\n        \"elementType\": \"labels.icon\",\n        \"stylers\": [\n            {\n                \"visibility\": \"off\"\n            }\n        ]\n    },\n    {\n        \"featureType\": \"transit\",\n        \"elementType\": \"geometry\",\n        \"stylers\": [\n            {\n                \"color\": \"#f2f2f2\"\n            },\n            {\n                \"lightness\": 19\n            }\n        ]\n    },\n    {\n        \"featureType\": \"administrative\",\n        \"elementType\": \"geometry.fill\",\n        \"stylers\": [\n            {\n                \"color\": \"#fefefe\"\n            },\n            {\n                \"lightness\": 20\n            }\n        ]\n    },\n    {\n        \"featureType\": \"administrative\",\n        \"elementType\": \"geometry.stroke\",\n        \"stylers\": [\n            {\n                \"color\": \"#fefefe\"\n            },\n            {\n                \"lightness\": 17\n            },\n            {\n                \"weight\": 1.2\n            }\n        ]\n    }\n]\n\n<\/script>\n<\/div>\n<\/div>\n\n\n\n<h2 class=\"wp-block-heading\">Administration<\/h2>\n\n\n\n<div class=\"wp-block-columns no-margin contact-three-col is-layout-flex wp-container-core-columns-is-layout-2 wp-block-columns-is-layout-flex\">\n<div class=\"wp-block-column is-layout-flow wp-block-column-is-layout-flow\">\n<p><strong>DIRECTOR<\/strong><\/p>\n\n\n\n<p>Simona Didvalyt\u0117<br><a href=\"mailto:simona.didvalyte@archfondas.lt\" target=\"_blank\" rel=\"noreferrer noopener\">simona.didvalyte@archfondas.lt<\/a><\/p>\n<\/div>\n\n\n\n<div class=\"wp-block-column is-layout-flow wp-block-column-is-layout-flow\">\n<p><strong>HEAD OF COMMUNICATIONS<\/strong><\/p>\n\n\n\n<p>Vilius Bal\u010di\u016bnas<br><a href=\"mailto:vilius.balciunas@archfondas.lt\" target=\"_blank\" rel=\"noreferrer noopener\">vilius.balciunas@archfondas.lt<\/a><\/p>\n<\/div>\n\n\n\n<div class=\"wp-block-column is-layout-flow wp-block-column-is-layout-flow\">\n<p><\/p>\n<\/div>\n<\/div>\n\n\n\n<h2 class=\"wp-block-heading\">Projects<\/h2>\n\n\n\n<div class=\"wp-block-columns contact-three-col no-margin is-layout-flex wp-container-core-columns-is-layout-3 wp-block-columns-is-layout-flex\">\n<div class=\"wp-block-column is-layout-flow wp-block-column-is-layout-flow\">\n<h3 class=\"wp-block-heading\">Aik\u0161t\u0117je<\/h3>\n\n\n\n<p><a rel=\"noreferrer noopener\" href=\"mailto:komanda@aiksteje.lt\" target=\"_blank\">komanda@aiksteje.lt<\/a><br><a href=\"https:\/\/www.aik\u0161t\u0117je.lt\/\" data-type=\"URL\" data-id=\"https:\/\/www.aik\u0161t\u0117je.lt\/\">aik\u0161t\u0117je.lt<\/a> &nbsp;<a rel=\"noreferrer noopener\" href=\"https:\/\/www.instagram.com\/aiksteje.lt\/\" target=\"_blank\">Instagram<\/a> &nbsp;<a rel=\"noreferrer noopener\" href=\"https:\/\/www.facebook.com\/aiksteje\" target=\"_blank\">Facebook<\/a><\/p>\n\n\n\n<p><\/p>\n\n\n\n<p><strong><strong>PROJECT MANAGER<\/strong><\/strong><\/p>\n\n\n\n<p>Matas \u0160iup\u0161inskas<br><a href=\"mailto:matas.siupsinskas@archfondas.lt\">matas.siupsinskas@archfondas.lt<\/a><\/p>\n<\/div>\n\n\n\n<div class=\"wp-block-column is-layout-flow wp-block-column-is-layout-flow\">\n<h3 class=\"wp-block-heading\">Architekt\u016bros fondas&#8217; forum<\/h3>\n\n\n\n<p><a href=\"mailto:forumas@archfondas.lt\" target=\"_blank\" rel=\"noreferrer noopener\">forumas@archfondas.lt<\/a><\/p>\n\n\n\n<p><\/p>\n\n\n\n<p><strong>PROJECT MANAGER<\/strong><\/p>\n\n\n\n<p>Egl\u0117 Kliu\u010dinskait\u0117<br><a href=\"mailto:egle.kliucinskaite@archfondas.lt\">egle.kliucinskaite@archfondas.lt<\/a><\/p>\n<\/div>\n\n\n\n<div class=\"wp-block-column is-layout-flow wp-block-column-is-layout-flow\">\n<h3 class=\"wp-block-heading\">Experiments&#8217; platform<\/h3>\n\n\n\n<p><a href=\"mailto:exp@archfondas.lt\" target=\"_blank\" rel=\"noreferrer noopener\">exp@archfondas.lt<\/a><br><a href=\"https:\/\/exp.archfondas.lt\/\">exp.archfondas.lt<\/a><\/p>\n\n\n\n<p><\/p>\n\n\n\n<p><strong><strong>PROJECT MANAGER<\/strong><\/strong><br><br>Aist\u0117 Gaidilionyt\u0117<br><a href=\"mailto:aiste.gaidilionyte@archfondas.lt\">aiste.gaidilionyte@archfondas.lt<\/a><\/p>\n<\/div>\n<\/div>\n\n\n\n<div class=\"wp-block-columns contact-three-col no-margin is-layout-flex wp-container-core-columns-is-layout-4 wp-block-columns-is-layout-flex\">\n<div class=\"wp-block-column is-layout-flow wp-block-column-is-layout-flow\">\n<h3 class=\"wp-block-heading\">Open House Europe<\/h3>\n\n\n\n<p><a href=\"mailto:hello@openhouseeurope.org\" target=\"_blank\" rel=\"noreferrer noopener\">hello@openhouseeurope.org<\/a><br><a data-type=\"URL\" data-id=\"https:\/\/www.keliaujanciosdirbtuves.lt\/\" href=\"https:\/\/www.openhouseeurope.org\/\">openhouseeurope.org<\/a> \u00a0<a href=\"https:\/\/www.instagram.com\/openhouseeurope\/\" target=\"_blank\" rel=\"noreferrer noopener\">Instagram<\/a>\u00a0 <a href=\"https:\/\/www.facebook.com\/openhouseeurope\/\" target=\"_blank\" rel=\"noreferrer noopener\">Facebook<\/a><\/p>\n\n\n\n<p><\/p>\n\n\n\n<p><strong><strong>PROJECT MANAGER<\/strong>S<\/strong><br><br>Martynas Germanavi\u010dius<br><a href=\"mailto:martynas.germanavicius@archfondas.lt\">martynas.germanavicius@archfondas.lt<\/a><\/p>\n\n\n\n<p>Paulina Puolyt\u0117<br><a href=\"mailto:paulina.puolyte@archfondas.lt\">paulina.puolyte@archfondas.lt<\/a><\/p>\n\n\n\n<p>Agn\u0117 Rubyt\u0117<br><a href=\"mailto:agne.rubyte@archfondas.lt\" target=\"_blank\" rel=\"noreferrer noopener\">agne.rubyte@archfondas.lt<\/a><\/p>\n<\/div>\n\n\n\n<div class=\"wp-block-column is-layout-flow wp-block-column-is-layout-flow\">\n<h3 class=\"wp-block-heading\">Open House Vilnius<\/h3>\n\n\n\n<p><a rel=\"noreferrer noopener\" href=\"mailto:info@openhousevilnius.lt\" target=\"_blank\">info@openhousevilnius.lt<\/a><br><a rel=\"noreferrer noopener\" href=\"https:\/\/openhousevilnius.lt\" target=\"_blank\">openhousevilnius.lt<\/a> &nbsp;<a rel=\"noreferrer noopener\" href=\"https:\/\/www.instagram.com\/openhousevilnius\" target=\"_blank\">Instagram<\/a> &nbsp;<a rel=\"noreferrer noopener\" href=\"https:\/\/www.facebook.com\/OpenHouseVilnius\" target=\"_blank\">Facebook<\/a><\/p>\n\n\n\n<p><\/p>\n\n\n\n<p><strong>PROJECT MANAGER<\/strong><br><br>Solveiga Buo\u017eelyt\u0117<br><a href=\"mailto:solveiga.buozelyte@archfondas.lt\">solveiga.buozelyte@archfondas.lt<\/a><\/p>\n<\/div>\n\n\n\n<div class=\"wp-block-column is-layout-flow wp-block-column-is-layout-flow\">\n<h3 class=\"wp-block-heading\"><\/h3>\n<\/div>\n<\/div>\n","protected":false},"excerpt":{"rendered":"<p>Details Public institution Architekt\u016bros fondasVitebsko str. 23, LT-11350 Vilnius Company code 126391219Bank account: LT05 7300 0101 5675 7592 AB Swedbank hello@archfondas.lt Instagram &nbsp;Facebook&nbsp; Twitter&nbsp; Linkedin Beneficiary status granted in 2004 06 30 Administration DIRECTOR Simona Didvalyt\u0117simona.didvalyte@archfondas.lt HEAD OF COMMUNICATIONS Vilius Bal\u010di\u016bnasvilius.balciunas@archfondas.lt Projects Aik\u0161t\u0117je komanda@aiksteje.ltaik\u0161t\u0117je.lt &nbsp;Instagram &nbsp;Facebook PROJECT MANAGER Matas \u0160iup\u0161inskasmatas.siupsinskas@archfondas.lt Architekt\u016bros fondas&#8217; forum forumas@archfondas.lt PROJECT [&hellip;]<\/p>\n","protected":false},"author":1,"featured_media":0,"parent":0,"menu_order":0,"comment_status":"closed","ping_status":"closed","template":"contacts.php","meta":{"_acf_changed":false,"footnotes":""},"class_list":["post-4232","page","type-page","status-publish","hentry"],"acf":[],"yoast_head":"<!-- This site is optimized with the Yoast SEO plugin v24.1 - https:\/\/yoast.com\/wordpress\/plugins\/seo\/ -->\n<title>Contacts &#8211; Architekt\u016bros fondas<\/title>\n<meta name=\"robots\" content=\"index, follow, max-snippet:-1, max-image-preview:large, max-video-preview:-1\" \/>\n<link rel=\"canonical\" href=\"https:\/\/archfondas.lt\/en\/contacts\/\" \/>\n<meta property=\"og:locale\" content=\"en_US\" \/>\n<meta property=\"og:type\" content=\"article\" \/>\n<meta property=\"og:title\" content=\"Contacts &#8211; Architekt\u016bros fondas\" \/>\n<meta property=\"og:description\" content=\"Details Public institution Architekt\u016bros fondasVitebsko str. 23, LT-11350 Vilnius Company code 126391219Bank account: LT05 7300 0101 5675 7592 AB Swedbank hello@archfondas.lt Instagram &nbsp;Facebook&nbsp; Twitter&nbsp; Linkedin Beneficiary status granted in 2004 06 30 Administration DIRECTOR Simona Didvalyt\u0117simona.didvalyte@archfondas.lt HEAD OF COMMUNICATIONS Vilius Bal\u010di\u016bnasvilius.balciunas@archfondas.lt Projects Aik\u0161t\u0117je komanda@aiksteje.ltaik\u0161t\u0117je.lt &nbsp;Instagram &nbsp;Facebook PROJECT MANAGER Matas \u0160iup\u0161inskasmatas.siupsinskas@archfondas.lt Architekt\u016bros fondas&#8217; forum forumas@archfondas.lt PROJECT [&hellip;]\" \/>\n<meta property=\"og:url\" content=\"https:\/\/archfondas.lt\/en\/contacts\/\" \/>\n<meta property=\"og:site_name\" content=\"Architekt\u016bros fondas\" \/>\n<meta property=\"article:publisher\" content=\"https:\/\/www.facebook.com\/archfondas\" \/>\n<meta property=\"article:modified_time\" content=\"2026-02-09T08:49:21+00:00\" \/>\n<meta name=\"twitter:card\" content=\"summary_large_image\" \/>\n<meta name=\"twitter:site\" content=\"@archfondas\" \/>\n<meta name=\"twitter:label1\" content=\"Est. reading time\" \/>\n\t<meta name=\"twitter:data1\" content=\"1 minute\" \/>\n<script type=\"application\/ld+json\" class=\"yoast-schema-graph\">{\"@context\":\"https:\/\/schema.org\",\"@graph\":[{\"@type\":\"WebPage\",\"@id\":\"https:\/\/archfondas.lt\/en\/contacts\/\",\"url\":\"https:\/\/archfondas.lt\/en\/contacts\/\",\"name\":\"Contacts &#8211; Architekt\u016bros fondas\",\"isPartOf\":{\"@id\":\"https:\/\/archfondas.lt\/#website\"},\"datePublished\":\"2022-05-16T12:08:39+00:00\",\"dateModified\":\"2026-02-09T08:49:21+00:00\",\"breadcrumb\":{\"@id\":\"https:\/\/archfondas.lt\/en\/contacts\/#breadcrumb\"},\"inLanguage\":\"en-US\",\"potentialAction\":[{\"@type\":\"ReadAction\",\"target\":[\"https:\/\/archfondas.lt\/en\/contacts\/\"]}]},{\"@type\":\"BreadcrumbList\",\"@id\":\"https:\/\/archfondas.lt\/en\/contacts\/#breadcrumb\",\"itemListElement\":[{\"@type\":\"ListItem\",\"position\":1,\"name\":\"Home\",\"item\":\"https:\/\/archfondas.lt\/en\/\"},{\"@type\":\"ListItem\",\"position\":2,\"name\":\"Contacts\"}]},{\"@type\":\"WebSite\",\"@id\":\"https:\/\/archfondas.lt\/#website\",\"url\":\"https:\/\/archfondas.lt\/\",\"name\":\"Architekt\u016bros fondas\",\"description\":\"Mes esame nevyriausybin\u0117, pelno nesiekianti organizacija kurianti bei puosel\u0117janti architekt\u016bros kult\u016br\u0105.\",\"publisher\":{\"@id\":\"https:\/\/archfondas.lt\/#organization\"},\"potentialAction\":[{\"@type\":\"SearchAction\",\"target\":{\"@type\":\"EntryPoint\",\"urlTemplate\":\"https:\/\/archfondas.lt\/?s={search_term_string}\"},\"query-input\":{\"@type\":\"PropertyValueSpecification\",\"valueRequired\":true,\"valueName\":\"search_term_string\"}}],\"inLanguage\":\"en-US\"},{\"@type\":\"Organization\",\"@id\":\"https:\/\/archfondas.lt\/#organization\",\"name\":\"Architekt\u016bros fondas\",\"url\":\"https:\/\/archfondas.lt\/\",\"logo\":{\"@type\":\"ImageObject\",\"inLanguage\":\"en-US\",\"@id\":\"https:\/\/archfondas.lt\/#\/schema\/logo\/image\/\",\"url\":\"https:\/\/archfondas.lt\/wp-content\/uploads\/2023\/04\/archfondas-logo.svg\",\"contentUrl\":\"https:\/\/archfondas.lt\/wp-content\/uploads\/2023\/04\/archfondas-logo.svg\",\"width\":483,\"height\":124,\"caption\":\"Architekt\u016bros fondas\"},\"image\":{\"@id\":\"https:\/\/archfondas.lt\/#\/schema\/logo\/image\/\"},\"sameAs\":[\"https:\/\/www.facebook.com\/archfondas\",\"https:\/\/x.com\/archfondas\"]}]}<\/script>\n<!-- \/ Yoast SEO plugin. -->","yoast_head_json":{"title":"Contacts &#8211; Architekt\u016bros fondas","robots":{"index":"index","follow":"follow","max-snippet":"max-snippet:-1","max-image-preview":"max-image-preview:large","max-video-preview":"max-video-preview:-1"},"canonical":"https:\/\/archfondas.lt\/en\/contacts\/","og_locale":"en_US","og_type":"article","og_title":"Contacts &#8211; Architekt\u016bros fondas","og_description":"Details Public institution Architekt\u016bros fondasVitebsko str. 23, LT-11350 Vilnius Company code 126391219Bank account: LT05 7300 0101 5675 7592 AB Swedbank hello@archfondas.lt Instagram &nbsp;Facebook&nbsp; Twitter&nbsp; Linkedin Beneficiary status granted in 2004 06 30 Administration DIRECTOR Simona Didvalyt\u0117simona.didvalyte@archfondas.lt HEAD OF COMMUNICATIONS Vilius Bal\u010di\u016bnasvilius.balciunas@archfondas.lt Projects Aik\u0161t\u0117je komanda@aiksteje.ltaik\u0161t\u0117je.lt &nbsp;Instagram &nbsp;Facebook PROJECT MANAGER Matas \u0160iup\u0161inskasmatas.siupsinskas@archfondas.lt Architekt\u016bros fondas&#8217; forum forumas@archfondas.lt PROJECT [&hellip;]","og_url":"https:\/\/archfondas.lt\/en\/contacts\/","og_site_name":"Architekt\u016bros fondas","article_publisher":"https:\/\/www.facebook.com\/archfondas","article_modified_time":"2026-02-09T08:49:21+00:00","twitter_card":"summary_large_image","twitter_site":"@archfondas","twitter_misc":{"Est. reading time":"1 minute"},"schema":{"@context":"https:\/\/schema.org","@graph":[{"@type":"WebPage","@id":"https:\/\/archfondas.lt\/en\/contacts\/","url":"https:\/\/archfondas.lt\/en\/contacts\/","name":"Contacts &#8211; Architekt\u016bros fondas","isPartOf":{"@id":"https:\/\/archfondas.lt\/#website"},"datePublished":"2022-05-16T12:08:39+00:00","dateModified":"2026-02-09T08:49:21+00:00","breadcrumb":{"@id":"https:\/\/archfondas.lt\/en\/contacts\/#breadcrumb"},"inLanguage":"en-US","potentialAction":[{"@type":"ReadAction","target":["https:\/\/archfondas.lt\/en\/contacts\/"]}]},{"@type":"BreadcrumbList","@id":"https:\/\/archfondas.lt\/en\/contacts\/#breadcrumb","itemListElement":[{"@type":"ListItem","position":1,"name":"Home","item":"https:\/\/archfondas.lt\/en\/"},{"@type":"ListItem","position":2,"name":"Contacts"}]},{"@type":"WebSite","@id":"https:\/\/archfondas.lt\/#website","url":"https:\/\/archfondas.lt\/","name":"Architekt\u016bros fondas","description":"Mes esame nevyriausybin\u0117, pelno nesiekianti organizacija kurianti bei puosel\u0117janti architekt\u016bros kult\u016br\u0105.","publisher":{"@id":"https:\/\/archfondas.lt\/#organization"},"potentialAction":[{"@type":"SearchAction","target":{"@type":"EntryPoint","urlTemplate":"https:\/\/archfondas.lt\/?s={search_term_string}"},"query-input":{"@type":"PropertyValueSpecification","valueRequired":true,"valueName":"search_term_string"}}],"inLanguage":"en-US"},{"@type":"Organization","@id":"https:\/\/archfondas.lt\/#organization","name":"Architekt\u016bros fondas","url":"https:\/\/archfondas.lt\/","logo":{"@type":"ImageObject","inLanguage":"en-US","@id":"https:\/\/archfondas.lt\/#\/schema\/logo\/image\/","url":"https:\/\/archfondas.lt\/wp-content\/uploads\/2023\/04\/archfondas-logo.svg","contentUrl":"https:\/\/archfondas.lt\/wp-content\/uploads\/2023\/04\/archfondas-logo.svg","width":483,"height":124,"caption":"Architekt\u016bros fondas"},"image":{"@id":"https:\/\/archfondas.lt\/#\/schema\/logo\/image\/"},"sameAs":["https:\/\/www.facebook.com\/archfondas","https:\/\/x.com\/archfondas"]}]}},"_links":{"self":[{"href":"https:\/\/archfondas.lt\/en\/wp-json\/wp\/v2\/pages\/4232","targetHints":{"allow":["GET"]}}],"collection":[{"href":"https:\/\/archfondas.lt\/en\/wp-json\/wp\/v2\/pages"}],"about":[{"href":"https:\/\/archfondas.lt\/en\/wp-json\/wp\/v2\/types\/page"}],"author":[{"embeddable":true,"href":"https:\/\/archfondas.lt\/en\/wp-json\/wp\/v2\/users\/1"}],"replies":[{"embeddable":true,"href":"https:\/\/archfondas.lt\/en\/wp-json\/wp\/v2\/comments?post=4232"}],"version-history":[{"count":49,"href":"https:\/\/archfondas.lt\/en\/wp-json\/wp\/v2\/pages\/4232\/revisions"}],"predecessor-version":[{"id":30524,"href":"https:\/\/archfondas.lt\/en\/wp-json\/wp\/v2\/pages\/4232\/revisions\/30524"}],"wp:attachment":[{"href":"https:\/\/archfondas.lt\/en\/wp-json\/wp\/v2\/media?parent=4232"}],"curies":[{"name":"wp","href":"https:\/\/api.w.org\/{rel}","templated":true}]}}